{"id":1630,"date":"2014-04-04T20:06:26","date_gmt":"2014-04-04T20:06:26","guid":{"rendered":"http:\/\/www.eglise-wallonie.be\/?page_id=1630"},"modified":"2020-02-13T21:40:17","modified_gmt":"2020-02-13T20:40:17","slug":"agir-avec-nous","status":"publish","type":"page","link":"http:\/\/www.eglise-wallonie.be\/?page_id=1630","title":{"rendered":"Agir avec nous"},"content":{"rendered":"<p>Les cotisations, abonnements \u00e0 ce bulletin trimestriel et les dons sont les <span style=\"color: #ff0000;\">seules<\/span> rentr\u00e9es financi\u00e8res dont dispose le mouvement \u00c9glise-Wallonie pour mener \u00e0 bien ses activit\u00e9s et services comme ce bulletin, le forum \u00e9lectronique diffusant chaque jour des messages d\u2019origines tr\u00e8s diverses et son site sortant enfin d\u2019une longue l\u00e9thargie, mais aussi des journ\u00e9es d\u2019\u00e9tudes et des ouvrages b\u00e9n\u00e9ficiant d\u2019apports d\u2019auteurs aux comp\u00e9tences et ancrages vari\u00e9s. Tout cela, \u00c9glise-Wallonie entend continuer \u00e0 le faire de mani\u00e8re renforc\u00e9e, alors que notre pays et ses composantes f\u00e9d\u00e9r\u00e9es, sp\u00e9cialement la Wallonie, doivent relever des d\u00e9fis structurels et conjoncturels importants, tandis que les membres de l\u2019\u00c9glise catholique ont \u00e0 stimuler celle-ci pour qu\u2019elle rencontre les enjeux li\u00e9s \u00e0 la fois au message de l\u2019\u00c9vangile et aux attentes des femmes et des hommes de Wallonie et d\u2019ailleurs.<\/p>\n<p>D\u00e8s lors, merci aux membres actuels et nouveaux de verser leur cotisation 2020 de 20\u20ac \u00a0(ou plus)\u00a0au compte BE31 0011 6110 5255 BIC : GEABABEBB d\u2019\u00c9glise-Wallonie, 1348 Louvain-la-Neuve avec la communication \u00ab Cotisation 2020 \u00bb. On peut aussi verser 10\u20ac avec la mention \u00ab Bulletins trimestriels \u00bb pour uniquement la r\u00e9ception du bulletin (en noir et blanc) ou tout don avec comme communication \u00ab Soutien \u00bb.<\/p>\n<p>Pour atteindre les objectifs qu&rsquo;il s&rsquo;est donn\u00e9s, le mouvement Eglise-Wallonie a besoin de collaborations et d&rsquo;appuis venant de membres et sympathisants qui estiment importants les engagements de chr\u00e9tiens et de chr\u00e9tiennes en Wallonie, tant au sein d&rsquo;une soci\u00e9t\u00e9 marqu\u00e9e par un pluralisme croissant qu&rsquo;au niveau des communaut\u00e9s chr\u00e9tiennes et vis-\u00e0-vis des autorit\u00e9s publiques et religieuses.<\/p>\n<p>Par ailleurs, si vous souhaitez nous aider pour nos frais de publications, de gestion du site, &#8230; vous pouvez nous adresser un don (merci quel qu&rsquo;en soit le montant!)<\/p>\n<p><span style=\"color: #339966;\"><strong>L&rsquo;appel aux cotisations pour l&rsquo;ann\u00e9e 2020 a \u00e9t\u00e9\u00a0lanc\u00e9 il y a peu. Il est encore temps de contribuer au\u00a0fonctionnement d&rsquo;Eglise-Wallonie<\/strong><\/span><span style=\"color: #339966;\"><span style=\"caret-color: #339966;\"><b>. La cotisation nous permet\u00a0essentiellement d&rsquo;assurer les frais de fonctionnement\u00a0technique du site et de la r\u00e9alisation des publications.<\/b><\/span><\/span><\/p>\n<p>Merci<\/p>\n<p><em><strong>Il y a diverses autres fa\u00e7ons d&rsquo;appuyer Eglise-Wallonie, comme celles qui visent \u00e0 contribuer \u00e0 ses travaux, prises de position, journ\u00e9es d&rsquo;\u00e9tudes,\u2026 Voir \u00e0 ce sujet<\/strong> \u00a0\u00bb <a href=\"http:\/\/www.eglise-wallonie.be\/?page_id=1628\">Nous contacter<\/a>\u00ab\u00a0.<\/em><\/p>\n","protected":false},"excerpt":{"rendered":"<p>Les cotisations, abonnements \u00e0 ce bulletin trimestriel et les dons sont les seules rentr\u00e9es financi\u00e8res dont dispose le mouvement \u00c9glise-Wallonie pour mener \u00e0 bien ses activit\u00e9s et services comme ce&#8230;<\/p>\n","protected":false},"author":1,"featured_media":0,"parent":0,"menu_order":0,"comment_status":"open","ping_status":"open","template":"","meta":[],"_links":{"self":[{"href":"http:\/\/www.eglise-wallonie.be\/index.php?rest_route=\/wp\/v2\/pages\/1630"}],"collection":[{"href":"http:\/\/www.eglise-wallonie.be\/index.php?rest_route=\/wp\/v2\/pages"}],"about":[{"href":"http:\/\/www.eglise-wallonie.be\/index.php?rest_route=\/wp\/v2\/types\/page"}],"author":[{"embeddable":true,"href":"http:\/\/www.eglise-wallonie.be\/index.php?rest_route=\/wp\/v2\/users\/1"}],"replies":[{"embeddable":true,"href":"http:\/\/www.eglise-wallonie.be\/index.php?rest_route=%2Fwp%2Fv2%2Fcomments&post=1630"}],"version-history":[{"count":19,"href":"http:\/\/www.eglise-wallonie.be\/index.php?rest_route=\/wp\/v2\/pages\/1630\/revisions"}],"predecessor-version":[{"id":2630,"href":"http:\/\/www.eglise-wallonie.be\/index.php?rest_route=\/wp\/v2\/pages\/1630\/revisions\/2630"}],"wp:attachment":[{"href":"http:\/\/www.eglise-wallonie.be\/index.php?rest_route=%2Fwp%2Fv2%2Fmedia&parent=1630"}],"curies":[{"name":"wp","href":"https:\/\/api.w.org\/{rel}","templated":true}]}}