{"id":1641,"date":"2014-04-04T20:24:50","date_gmt":"2014-04-04T20:24:50","guid":{"rendered":"http:\/\/www.eglise-wallonie.be\/?page_id=1641"},"modified":"2020-04-10T17:15:34","modified_gmt":"2020-04-10T15:15:34","slug":"prises-de-positions","status":"publish","type":"page","link":"http:\/\/www.eglise-wallonie.be\/?page_id=1641","title":{"rendered":"Prises de positions"},"content":{"rendered":"<ul style=\"list-style: none; padding: 50px 0px 0px 0px;\">\n<li style=\"list-style: none; margin: 0px 0px 10px 0px;\"><span style=\"color: #008000;\"><strong>2018<\/strong><\/span>, Eglise-Wallonie : <a href=\"http:\/\/www.eglise-wallonie.be\/wp-content\/uploads\/AG-1-d%C3%A9cembre-2018.pdf\">soutien aux actions citoyennes<\/a> pour la d\u00e9mocratie et pour l\u2019\u00e9cologie sociale<\/li>\n<li style=\"list-style: none; margin: 0px 0px 10px 0px;\"><span style=\"color: #008000;\"><strong>2014 <\/strong><span style=\"color: #333333;\"><a href=\"http:\/\/www.eglise-wallonie.be\/wp-content\/uploads\/Church-Wallonia-and-Sundays.pdf\"><span style=\"color: #0000ff;\">Church-Wallonia<\/span><\/a> and Sundays<\/span><\/span><\/li>\n<li style=\"list-style: none; margin: 0px 0px 10px 0px;\"><span style=\"color: #008000;\"><strong>2014<\/strong><\/span>, <span style=\"color: #0000ff;\"><a style=\"color: #0000ff;\" href=\"http:\/\/www.eglise-wallonie.be\/wp-content\/uploads\/EW-ESA-mai-2014.pdf\">Adh\u00e9sion<\/a><\/span> \u00e0 l\u2019actio<span style=\"color: #808080;\">n European Sunday Alliance<\/span><\/li>\n<li style=\"list-style: none; margin: 0px 0px 10px 0px;\"><strong><span style=\"color: #008000;\">2013<\/span><\/strong>, Pour une <a href=\"http:\/\/www.eglise-wallonie.be\/wp-content\/uploads\/EW-Communiqu%C3%A9-Ev%C3%AAques-de-Li%C3%A8ge-.pdf\">expression commune<\/a> des Ev\u00eaques de Wallonie<\/li>\n<li style=\"list-style: none; margin: 0px 0px 10px 0px;\"><span style=\"color: #008000;\"><strong>2011 <\/strong><span style=\"color: #333333;\">Anniversaire du<\/span><a href=\"http:\/\/www.eglise-wallonie.be\/wp-content\/uploads\/Cefoc-Anniversaire.pdf\"><span style=\"color: #0000ff;\"><strong> CEFOC<\/strong><\/span><\/a><\/span><\/li>\n<li style=\"list-style: none; margin: 0px 0px 10px 0px;\"><span style=\"color: #008000;\"><strong>2011, <\/strong><span style=\"color: #333333;\">Pour une<\/span><a href=\"http:\/\/www.eglise-wallonie.be\/wp-content\/uploads\/Pour-une-Eglise-de-proximit\u00e9.doc\"> Eglise de proximit\u00e9<\/a><\/span><\/li>\n<li style=\"list-style: none; margin: 0px 0px 10px 0px;\"><span style=\"color: #008000;\"><strong>2010<span style=\"color: #000000;\">, <\/span><\/strong><span style=\"color: #000000;\">(<\/span><span style=\"color: #000000;\">17 septembre, F\u00eate de la Wallonie) \u00a0<a href=\"http:\/\/www.eglise-wallonie.be\/wp-content\/uploads\/Communiqu\u00e9-F\u00eate-de-la-Wallonie-2010-09-17-.pdf\">Eglise en difficult\u00e9, crise politique<\/a> :\u00a0<\/span><\/span><span style=\"color: #008000;\"><span style=\"color: #000000;\">Eglise-Wallonie demande courage et lucidit\u00e9<\/span><\/span><\/li>\n<li style=\"list-style: none; margin: 0px 0px 10px 0px;\"><span style=\"color: #008000;\"><strong>2010<\/strong><\/span>, <a href=\"http:\/\/www.eglise-wallonie.be\/wp-content\/uploads\/Bulletin-2010_1-Edito.pdf\">L\u2019identit\u00e9 wallonne<\/a>. Un d\u00e9bat de trop ou une question toujours actuelle et n\u00e9cessaire?<\/li>\n<li style=\"list-style: none; margin: 0px 0px 10px 0px;\"><span style=\"color: #008000;\"><strong>2009<\/strong><\/span>, <a href=\"http:\/\/www.eglise-wallonie.be\/wp-content\/uploads\/CIL_reponse_EW_janvier2009.pdf\">R\u00e9ponse<\/a> d\u2019\u00c9glise-Wallonie \u00e0 la demande adress\u00e9e aux membres du CIL de dire quels sont les enjeux vitaux pour les catholiques<\/li>\n<li style=\"list-style: none; margin: 0px 0px 10px 0px;\"><span style=\"color: #008000;\"><strong>2008<\/strong><\/span>, La <a href=\"http:\/\/www.eglise-wallonie.be\/wp-content\/uploads\/SillageCIL_EW2008.pdf\">parole<\/a> \u00e0 \u00c9glise-Wallonie dans SILLAGES (Bulletin du Centre interdioc\u00e9sain des la\u00efcs \u2013CIL)<\/li>\n<li style=\"list-style: none; margin: 0px 0px 10px 0px;\"><span style=\"color: #008000;\"><strong>2008<\/strong><\/span>, Succession de Mgr Danneels,<br \/>\n(<a href=\"http:\/\/www.eglise-wallonie.be\/wp-content\/uploads\/Cardinal2008.pdf\">R\u00e9ponse<\/a> dans le cadre de l\u2019Enqu\u00eate du mensuel \u00ab l\u2019APPEL \u00bb)<\/li>\n<li style=\"list-style: none; margin: 0px 0px 10px 0px;\"><span style=\"color: #008000;\"><strong>2005<\/strong><\/span>, <a href=\"http:\/\/www.eglise-wallonie.be\/wp-content\/uploads\/Vers-LAvenir.pdf\">Vers l\u2019avenir<\/a>, communiqu\u00e9 de presse<\/li>\n<li style=\"list-style: none; margin: 0px 0px 10px 0px;\"><span style=\"color: #008000;\"><strong>1999<\/strong><\/span>, Pour un <span style=\"color: #0000ff;\"><a style=\"color: #0000ff;\" href=\"http:\/\/www.eglise-wallonie.be\/wp-content\/uploads\/eglise_wallonie_diocese_brabant_wallon.pdf\">dioc\u00e8se<\/a><\/span> du Brabant Wallon<\/li>\n<li style=\"list-style: none; margin: 0px 0px 10px 0px;\"><span style=\"color: #008000;\"><strong>1994<\/strong><\/span>, Pour une<a href=\"http:\/\/www.eglise-wallonie.be\/wp-content\/uploads\/Subjectif1.pdf\"><span style=\"color: #0000ff;\"> Eglise dans la soci\u00e9t\u00e9 wallonne<\/span><\/a> (d\u00e9claration commune d\u2019Eglise-Wallonie, de la Fondation Baussart, de la Jec Sup lors de l\u2019assembl\u00e9e interdioc\u00e9saine \u00ab Passeport 2000 \u00bb le 25 septembre 1994 \u00e0 Louvain-la-Neuve)<\/li>\n<li style=\"list-style: none; margin: 0px 0px 10px 0px;\"><span style=\"color: #008000;\"><strong>1985<\/strong><\/span>, <a href=\"http:\/\/www.eglise-wallonie.be\/wp-content\/uploads\/EW-Manifeste-1985.pdf\">Manifeste<\/a>. Appel pour une Wallonie enrichie par ses diff\u00e9rences<\/li>\n<\/ul>\n<h4><span style=\"color: #ff0000;\">Dans chacun des num\u00e9ros de son bulletin (nouvelle s\u00e9rie), Eglise-Wallonie publie un \u00e9ditorial qui est un regard &#8211; questionnement, positionnement &#8211; sur l&rsquo;actualit\u00e9.<\/span><\/h4>\n<h4><\/h4>\n","protected":false},"excerpt":{"rendered":"<p>2018, Eglise-Wallonie : soutien aux actions citoyennes pour la d\u00e9mocratie et pour l\u2019\u00e9cologie sociale 2014 Church-Wallonia and Sundays 2014, Adh\u00e9sion \u00e0 l\u2019action European Sunday Alliance 2013, Pour une expression commune&#8230;<\/p>\n","protected":false},"author":1,"featured_media":0,"parent":0,"menu_order":0,"comment_status":"open","ping_status":"open","template":"","meta":[],"_links":{"self":[{"href":"http:\/\/www.eglise-wallonie.be\/index.php?rest_route=\/wp\/v2\/pages\/1641"}],"collection":[{"href":"http:\/\/www.eglise-wallonie.be\/index.php?rest_route=\/wp\/v2\/pages"}],"about":[{"href":"http:\/\/www.eglise-wallonie.be\/index.php?rest_route=\/wp\/v2\/types\/page"}],"author":[{"embeddable":true,"href":"http:\/\/www.eglise-wallonie.be\/index.php?rest_route=\/wp\/v2\/users\/1"}],"replies":[{"embeddable":true,"href":"http:\/\/www.eglise-wallonie.be\/index.php?rest_route=%2Fwp%2Fv2%2Fcomments&post=1641"}],"version-history":[{"count":50,"href":"http:\/\/www.eglise-wallonie.be\/index.php?rest_route=\/wp\/v2\/pages\/1641\/revisions"}],"predecessor-version":[{"id":2650,"href":"http:\/\/www.eglise-wallonie.be\/index.php?rest_route=\/wp\/v2\/pages\/1641\/revisions\/2650"}],"wp:attachment":[{"href":"http:\/\/www.eglise-wallonie.be\/index.php?rest_route=%2Fwp%2Fv2%2Fmedia&parent=1641"}],"curies":[{"name":"wp","href":"https:\/\/api.w.org\/{rel}","templated":true}]}}