{"id":1826,"date":"2014-04-07T10:31:02","date_gmt":"2014-04-07T10:31:02","guid":{"rendered":"http:\/\/www.eglise-wallonie.be\/?page_id=1826"},"modified":"2020-08-06T16:41:45","modified_gmt":"2020-08-06T14:41:45","slug":"lieux-faits-gens-de-et-en-wallonie","status":"publish","type":"page","link":"http:\/\/www.eglise-wallonie.be\/?page_id=1826","title":{"rendered":"Lieux, faits, gens de et en Wallonie"},"content":{"rendered":"<p>&nbsp;<\/p>\n<p>Sur cette terre qu&rsquo;est la Wallonie telle qu&rsquo;elle a \u00e9t\u00e9 d\u00e9sign\u00e9e comme une R\u00e9gion \u00e0 la suite des lois de r\u00e9gionalisation de l&rsquo;\u00c9tat Belge, ont v\u00e9cu des hommes et des femmes qui ont marqu\u00e9 la soci\u00e9t\u00e9 wallonne dans la prise de conscience progressive de son identit\u00e9 ou dans la constitution de ses caract\u00e9ristiques \u00e9conomiques, sociales, artistiques et culturelles. Pour certains et certaines, leur action, leur attitude, est li\u00e9e explicitement \u00e0 leur foi, d&rsquo;autres ont v\u00e9cu dans le monde chr\u00e9tien, tel qu&rsquo;il a pu \u00e9volu\u00e9 au cours des si\u00e8cles.<\/p>\n<p>Ce sont eux dont nous voulons garder la pr\u00e9sence ici, bien qu&rsquo;ils ne soient plus de ce monde.<\/p>\n<p>Ces biographies sont bas\u00e9es sur des \u00e9tudes r\u00e9alis\u00e9es ou des informations non publi\u00e9es, chacune se termine par les sources, les principales r\u00e9f\u00e9rences.<\/p>\n<p>Des lieux sur cette terre sont \u00e0 relever : \u00e9difices religieux, signes d&rsquo;un \u00e9v\u00e9nements.<\/p>\n<p>Des \u00e9v\u00e8nements ont rythm\u00e9s cette histoire. Il importe d&rsquo;en garder trace.<\/p>\n<p><span style=\"color: #ff6600;\">DES LIEUX<\/span><br \/>\n<a href=\"http:\/\/www.eglise-wallonie.be\/wp-content\/uploads\/LeSaulchoir.pdf\">Le Saulchoir<\/a>\u00a0(Maurice Cheza)<\/p>\n<p>&nbsp;<\/p>\n<p><span style=\"color: #ff6600;\"> DES GENS<\/span><\/p>\n<p><a href=\"http:\/\/www.eglise-wallonie.be\/wp-content\/uploads\/ALBERT_DE_PARIS.pdf\">Albert de Paris<\/a>\u00a0(L\u00e9on Bechoux)<\/p>\n<p><a href=\"http:\/\/www.eglise-wallonie.be\/wp-content\/uploads\/Dom-L.-Beauduin-.pdf\">Dom Lambert Beauduin<\/a>\u00a0(Andr\u00e9 Haquin)<\/p>\n<p><a href=\"http:\/\/www.eglise-wallonie.be\/wp-content\/uploads\/Cheza-Maurice-.pdf\">Cheza Maurice<\/a> (Jean Pirotte)<\/p>\n<p style=\"text-align: left;\"><a href=\"http:\/\/www.eglise-wallonie.be\/wp-content\/uploads\/Draguet_Rene.pdf\">Draguet Ren\u00e9<\/a>\u00a0 (Maurice Cheza)<\/p>\n<p style=\"text-align: left;\"><a href=\"http:\/\/www.eglise-wallonie.be\/wp-content\/uploads\/Pierre-Gillet-.pdf\">Gillet Pierre<\/a> (Pierre Dufaux)<\/p>\n<p><a href=\"http:\/\/www.eglise-wallonie.be\/wp-content\/uploads\/GOSSEC_Francois_Joseph.pdf\">Gossec Jean- Francois<\/a>\u00a0(L\u00e9on Bechoux)<\/p>\n<p><a href=\"http:\/\/www.eglise-wallonie.be\/wp-content\/uploads\/Joseph_Laloux.pdf\">Laloux<\/a> <a href=\"http:\/\/www.eglise-wallonie.be\/wp-content\/uploads\/Joseph_Laloux.pdf\">Joseph <\/a>\u00a0(Pierre Dufaux, Emile Servais)<\/p>\n<p><a href=\"http:\/\/www.eglise-wallonie.be\/wp-content\/uploads\/Ernest-Michel-DEF-PDF.pdf\">Michel Ernest<\/a> ( Andr\u00e9 Michel)<\/p>\n<p><a href=\"http:\/\/www.eglise-wallonie.be\/wp-content\/uploads\/Mutien-Marie.pdf\"><span style=\"color: #0000ff;\">Mutien-Marie<\/span><\/a> (Jean Pirotte)<\/p>\n<p><a href=\"http:\/\/www.eglise-wallonie.be\/wp-content\/uploads\/Jean_Pierlot.pdf\">Pierlot<\/a> <a href=\"http:\/\/www.eglise-wallonie.be\/wp-content\/uploads\/Jean_Pierlot.pdf\">Jean <\/a>\u00a0(Ren\u00e9 Dardenne)<\/p>\n<p><span style=\"color: #0000ff;\">Tilquin Andr\u00e9<\/span> (Pierre Dufaux, Emile Servais), <a href=\"http:\/\/www.eglise-wallonie.be\/wp-content\/uploads\/Tilquin-r\u00e9sum\u00e9-PDF.pdf\">r\u00e9sum\u00e9,<\/a><a href=\"http:\/\/www.eglise-wallonie.be\/wp-content\/uploads\/Tilquin-PDF.pdf\"> texte int\u00e9gral<\/a><\/p>\n<p><a href=\"http:\/\/www.eglise-wallonie.be\/wp-content\/uploads\/Troisfontaines_Roger.pdf\">Troisfontaines Roger<\/a>\u00a0(Ren\u00e9 Piront, Pierre Sauvage)<\/p>\n","protected":false},"excerpt":{"rendered":"<p>&nbsp; Sur cette terre qu&rsquo;est la Wallonie telle qu&rsquo;elle a \u00e9t\u00e9 d\u00e9sign\u00e9e comme une R\u00e9gion \u00e0 la suite des lois de r\u00e9gionalisation de l&rsquo;\u00c9tat Belge, ont v\u00e9cu des hommes et&#8230;<\/p>\n","protected":false},"author":1,"featured_media":0,"parent":0,"menu_order":0,"comment_status":"open","ping_status":"open","template":"","meta":[],"_links":{"self":[{"href":"http:\/\/www.eglise-wallonie.be\/index.php?rest_route=\/wp\/v2\/pages\/1826"}],"collection":[{"href":"http:\/\/www.eglise-wallonie.be\/index.php?rest_route=\/wp\/v2\/pages"}],"about":[{"href":"http:\/\/www.eglise-wallonie.be\/index.php?rest_route=\/wp\/v2\/types\/page"}],"author":[{"embeddable":true,"href":"http:\/\/www.eglise-wallonie.be\/index.php?rest_route=\/wp\/v2\/users\/1"}],"replies":[{"embeddable":true,"href":"http:\/\/www.eglise-wallonie.be\/index.php?rest_route=%2Fwp%2Fv2%2Fcomments&post=1826"}],"version-history":[{"count":22,"href":"http:\/\/www.eglise-wallonie.be\/index.php?rest_route=\/wp\/v2\/pages\/1826\/revisions"}],"predecessor-version":[{"id":2668,"href":"http:\/\/www.eglise-wallonie.be\/index.php?rest_route=\/wp\/v2\/pages\/1826\/revisions\/2668"}],"wp:attachment":[{"href":"http:\/\/www.eglise-wallonie.be\/index.php?rest_route=%2Fwp%2Fv2%2Fmedia&parent=1826"}],"curies":[{"name":"wp","href":"https:\/\/api.w.org\/{rel}","templated":true}]}}